{"id":20187,"date":"2026-04-30T11:44:18","date_gmt":"2026-04-30T11:44:18","guid":{"rendered":"https:\/\/spanishprofessionals.es\/civil-engineer-recruitment-days\/"},"modified":"2026-04-30T14:37:01","modified_gmt":"2026-04-30T14:37:01","slug":"empleos-de-ingenieria-civil-en-valencia","status":"publish","type":"page","link":"https:\/\/spanishprofessionals.es\/es\/empleos-de-ingenieria-civil-en-valencia\/","title":{"rendered":"Jornadas de Reclutamiento para Ingenieros Civiles"},"content":{"rendered":"<p>[vc_row full_width=\u00bbstretch_row_content_no_spaces\u00bb disable_element=\u00bbyes\u00bb][vc_column]<div class=\"mj_pagetitle\">\n        <img src=\"\" alt=\"\">\n\t\t<div class=\"mj_mainheading_overlay\"><\/div>\n        <div class=\"mj_pagetitle_inner\">\n            <div class=\"container\">\n                <div class=\"row\">\n                    <div class=\"col-lg-12 col-md-12 col-sm-12 col-xs-12\">\n                        <div class=\"mj_mainheading mj_toppadder80 mj_bottompadder80\">\n                            <h1><\/h1>\n                            <p><\/p>\n                        <\/div>\n                    <\/div>\n                <\/div>\n            <\/div>\n        <\/div>\n    <\/div>[\/vc_column][\/vc_row][vc_row][vc_column]<div class=\"row\">\n\t\t<div class=\"col-lg-8 col-md-8 col-sm-12 col-xs-12 col-lg-offset-2 col-md-offset-2 col-sm-offset-0 col-xs-offset-0\">\n\t\t\t<div class=\"mj_mainheading mj_toppadder80 mj_bottompadder50\">\n\t\t\t\t<h1>Bienvenido a las Jornadas de Reclutamiento para Ingenieros Civiles<\/h1>\n\t\t\t\t<p>Est\u00e1s a solo unos pasos de dar el siguiente paso en tu carrera. \u00danete a nosotros los d\u00edas 21 y 22 de mayo de 2026 en Valencia para una experiencia de selecci\u00f3n \u00fanica, donde las oportunidades avanzan r\u00e1pido y las decisiones se toman en el momento. Nuestro cliente es una consultora de ingenier\u00eda internacional, innovadora y en crecimiento, especializada en estructuras prefabricadas de hormig\u00f3n y soluciones h\u00edbridas, con proyectos t\u00e9cnicos de alto nivel en toda Europa. Durante estas jornadas, tendr\u00e1s la oportunidad de reunirte directamente con el equipo, mostrar tus habilidades y acercarte de forma real a tu pr\u00f3ximo puesto.<\/p>\n\t\t\t<\/div>\n\t\t<\/div>\n    <\/div>[\/vc_column][\/vc_row][vc_row][vc_column width=\u00bb1\/2&#8243;]<div class=\"mj_recent_workit text-center\">\n\t\t<div class=\"mj_workit_innerheader\">\n\t\t\t<h4>\u00bfA quien estamos buscando?<\/h4>\n\t\t<\/div>\n\t\t<div class=\"mj_workit_info\">\n\t\t\t<img src=\"https:\/\/spanishprofessionals.es\/wp-content\/uploads\/2016\/02\/icon_binoculars-170x106.png\" class=\"img-responsive\" alt=\"\">\n\t\t\t<p class=\"mj_toppadder50\">Actualmente estamos contratando modeladores de Tekla, Revit y AutoCAD, as\u00ed como ingenieros estructurales. Buscamos profesionales de todos los niveles (junior, intermedio y senior) para puestos en Valencia (Espa\u00f1a) y los Pa\u00edses Bajos.<\/p>\n\t\t<\/div>\n\t\t<div class=\"mj_workit_innerfooter\">\n\t\t\t<a href=\"#submit\" target=\"\">LAS PLAZAS SON LIMITADAS Y LAS ENTREVISTAS SE PROGRAMAN CON RAPIDEZ<\/a>\n\t\t<\/div>\n    <\/div>[\/vc_column][vc_column width=\u00bb1\/2&#8243;]<div class=\"mj_recent_workit text-center\">\n\t\t<div class=\"mj_workit_innerheader\">\n\t\t\t<h4>C\u00f3mo funciona<\/h4>\n\t\t<\/div>\n\t\t<div class=\"mj_workit_info\">\n\t\t\t<img src=\"https:\/\/spanishprofessionals.es\/wp-content\/uploads\/2016\/02\/icon_resume-170x106.png\" class=\"img-responsive\" alt=\"jobs mechanical industrial electrical engineers\">\n\t\t\t<p class=\"mj_toppadder50\">Env\u00eda tu curr\u00edculum en ingl\u00e9s. Nuestro equipo de selecci\u00f3n se pondr\u00e1 en contacto contigo. Durante el evento, podr\u00e1s reunirte con varios miembros del equipo, hablar sobre tu experiencia y explorar distintas oportunidades, todo en un proceso \u00e1gil y directo.<\/p>\n\t\t<\/div>\n\t\t<div class=\"mj_workit_innerfooter\">\n\t\t\t<a href=\"#submit\" target=\"\">SI EST\u00c1S LISTO PARA DAR EL SIGUIENTE PASO EN TU CARRERA, \u00a1SOLICITA HOY MISMO!<\/a>\n\t\t<\/div>\n    <\/div>[\/vc_column][\/vc_row][vc_row][vc_column css=\u00bb.vc_custom_1523951733648{padding-right: 0px !important;padding-left: 0px !important;}\u00bb el_class=\u00bbrecruitment-days\u00bb]<div role=\"form\" class=\"wpcf7\" id=\"wpcf7-f18394-o1\" lang=\"en-US\" dir=\"ltr\">\n<div class=\"screen-reader-response\"><p role=\"status\" aria-live=\"polite\" aria-atomic=\"true\"><\/p> <ul><\/ul><\/div>\n<form action=\"\/es\/wp-json\/wp\/v2\/pages\/20187#wpcf7-f18394-o1\" method=\"post\" class=\"wpcf7-form init\" enctype=\"multipart\/form-data\" novalidate=\"novalidate\" data-status=\"init\">\n<div style=\"display: none;\">\n<input type=\"hidden\" name=\"_wpcf7\" value=\"18394\" \/>\n<input type=\"hidden\" name=\"_wpcf7_version\" value=\"5.4.2\" \/>\n<input type=\"hidden\" name=\"_wpcf7_locale\" value=\"en_US\" \/>\n<input type=\"hidden\" name=\"_wpcf7_unit_tag\" value=\"wpcf7-f18394-o1\" \/>\n<input type=\"hidden\" name=\"_wpcf7_container_post\" value=\"0\" \/>\n<input type=\"hidden\" name=\"_wpcf7_posted_data_hash\" value=\"\" \/>\n<input type=\"hidden\" name=\"_wpcf7_recaptcha_response\" value=\"\" \/>\n<\/div>\n<div class=\"vc_row wpb_row vc_row-fluid\" id=\"submit\">\n<div class=\"wpb_column vc_column_container vc_col-sm-12\">\n<div class=\"vc_column-inner \">\n<div class=\"wpb_wrapper\">\n<div class=\"mj_recent_workit\">\n<div class=\"mj_workit_innerheader\">\n<h4>Env\u00eda tu curr\u00edculum ahora<\/h4>\n<\/div>\n<div class=\"mj_workit_info\">\n<div class=\"row\">\n<div class=\"row\">\n<div class=\"col-md-6\">\n<div class=\"form-group\"><span class=\"wpcf7-form-control-wrap FullName\"><input type=\"text\" name=\"FullName\" value=\"\" size=\"40\" class=\"wpcf7-form-control wpcf7-text wpcf7-validates-as-required\" aria-required=\"true\" aria-invalid=\"false\" placeholder=\"Nombre*\" \/><\/span><\/div>\n<div class=\"form-group\"><span class=\"wpcf7-form-control-wrap Email\"><input type=\"email\" name=\"Email\" value=\"\" size=\"40\" class=\"wpcf7-form-control wpcf7-text wpcf7-email wpcf7-validates-as-required wpcf7-validates-as-email\" aria-required=\"true\" aria-invalid=\"false\" placeholder=\"Correo electr\u00f3nico*\" \/><\/span><\/div>\n<div class=\"form-group\"><span class=\"wpcf7-form-control-wrap status\"><select name=\"status\" class=\"wpcf7-form-control wpcf7-select wpcf7-validates-as-required legalstatus\" aria-required=\"true\" aria-invalid=\"false\"><option value=\"Estatus legal\">Estatus legal<\/option><option value=\"Ciudadano de la UE\/EEE o Suiza\">Ciudadano de la UE\/EEE o Suiza<\/option><option value=\"No ciudadano de la UE con permiso de trabajo v\u00e1lido\">No ciudadano de la UE con permiso de trabajo v\u00e1lido<\/option><option value=\"No ciudadano de la UE sin permiso de trabajo\">No ciudadano de la UE sin permiso de trabajo<\/option><\/select><\/span><\/div>\n<div class=\"form-group\"><span class=\"wpcf7-form-control-wrap Phone\"><input type=\"tel\" name=\"Phone\" value=\"\" size=\"40\" class=\"wpcf7-form-control wpcf7-text wpcf7-tel wpcf7-validates-as-required wpcf7-validates-as-tel\" aria-required=\"true\" aria-invalid=\"false\" placeholder=\"Tel\u00e9fono*\" \/><\/span><\/div>\n<\/div>\n<div class=\"col-md-6\">\n<span id=\"wpcf7-69f473a6d1a23-wrapper\" class=\"wpcf7-form-control-wrap website-wrap\" style=\"display:none !important; visibility:hidden !important;\"><label for=\"wpcf7-69f473a6d1a23-field\" class=\"hp-message\">Por favor, deja este campo vac\u00edo.<\/label><input id=\"wpcf7-69f473a6d1a23-field\"  class=\"wpcf7-form-control wpcf7-text\" type=\"text\" name=\"website\" value=\"\" size=\"40\" tabindex=\"-1\" autocomplete=\"new-password\" \/><\/span><br \/>\n\t\t\t\t\t<label for=\"Resume\">Sube tu curr\u00edculum<span class=\"conditions\">(doc, docx, odt or pdf - max 5MB)<\/span><\/label><span class=\"wpcf7-form-control-wrap Resume\"><input type=\"file\" name=\"Resume\" size=\"40\" class=\"wpcf7-form-control wpcf7-file wpcf7-validates-as-required\" accept=\".doc,.docx,.odt,.pdf\" aria-required=\"true\" aria-invalid=\"false\" \/><\/span><\/p>\n<span class=\"wpcf7-form-control-wrap recaptcha\"><span data-sitekey=\"6LdkWC0UAAAAAJe7ciWwQiTIEXOa1xY_Gfv7qpTH\" class=\"wpcf7-form-control g-recaptcha wpcf7-recaptcha\"><\/span>\r\n<noscript>\r\n\t<div class=\"grecaptcha-noscript\">\r\n\t\t<iframe src=\"https:\/\/www.google.com\/recaptcha\/api\/fallback?k=6LdkWC0UAAAAAJe7ciWwQiTIEXOa1xY_Gfv7qpTH\" frameborder=\"0\" scrolling=\"no\" width=\"310\" height=\"430\">\r\n\t\t<\/iframe>\r\n\t\t<textarea name=\"g-recaptcha-response\" rows=\"3\" cols=\"40\" placeholder=\"Aqu\u00ed la respuesta de reCAPTCHA\">\r\n\t\t<\/textarea>\r\n\t<\/div>\r\n<\/noscript>\r\n<\/span>\n<\/div>\n<\/div>\n<\/div>\n<\/div>\n<div class=\"mj_workit_innerfooter text-center\" id=\"submit_form\">\n\t\t<span class=\"Submit\">Enviar ahora<\/span>\n\t<\/div>\n<\/div>\n<\/div>\n<\/div>\n<\/div>\n<\/div>\n<p><script>var wpcf7Elm=document.querySelector('.wpcf7');jQuery(\"#submit_form, #submit_form a\").click(function(e){e.preventDefault();if(!jQuery(this).hasClass('disabled')){jQuery(this).toggleClass('disabled',true);jQuery('form.wpcf7-form').submit();}});wpcf7Elm.addEventListener('wpcf7submit',function(event){jQuery('#submit_form').toggleClass('disabled',false);console.log('submit');},false);<\/script><\/p>\n<div class=\"wpcf7-response-output\" aria-hidden=\"true\"><\/div><\/form><\/div>[\/vc_column][\/vc_row]<\/p>\n","protected":false},"excerpt":{"rendered":"<p>[vc_row full_width=\u00bbstretch_row_content_no_spaces\u00bb disable_element=\u00bbyes\u00bb][vc_column][\/vc_column][\/vc_row][vc_row][vc_column][\/vc_column][\/vc_row][vc_row][vc_column width=\u00bb1\/2&#8243;][\/vc_column][vc_column width=\u00bb1\/2&#8243;][\/vc_column][\/vc_row][vc_row][vc_column css=\u00bb.vc_custom_1523951733648{padding-right: 0px !important;padding-left: 0px !important;}\u00bb el_class=\u00bbrecruitment-days\u00bb][\/vc_column][\/vc_row]<\/p>\n","protected":false},"author":2,"featured_media":16784,"parent":0,"menu_order":0,"comment_status":"closed","ping_status":"closed","template":"","meta":[],"yoast_head":"<!-- This site is optimized with the Yoast SEO plugin v17.1 - https:\/\/yoast.com\/wordpress\/plugins\/seo\/ -->\n<title>Empleos de Ingenier\u00eda Civil en Valencia - Spanish Professionals<\/title>\n<meta name=\"description\" content=\"Buscamos modeladores con experiencia en Tekla, Revit y AutoCAD, as\u00ed como ingenieros estructurales, para puestos en Valencia y los Pa\u00edses Bajos.\" \/>\n<meta name=\"robots\" content=\"index, follow, max-snippet:-1, max-image-preview:large, max-video-preview:-1\" \/>\n<link rel=\"canonical\" href=\"https:\/\/spanishprofessionals.es\/es\/empleos-de-ingenieria-civil-en-valencia\/\" \/>\n<meta property=\"og:locale\" content=\"es_ES\" \/>\n<meta property=\"og:type\" content=\"article\" \/>\n<meta property=\"og:title\" content=\"Empleos de Ingenier\u00eda Civil en Valencia - Spanish Professionals\" \/>\n<meta property=\"og:description\" content=\"Buscamos modeladores con experiencia en Tekla, Revit y AutoCAD, as\u00ed como ingenieros estructurales, para puestos en Valencia y los Pa\u00edses Bajos.\" \/>\n<meta property=\"og:url\" content=\"https:\/\/spanishprofessionals.es\/es\/empleos-de-ingenieria-civil-en-valencia\/\" \/>\n<meta property=\"og:site_name\" content=\"Spanish Professionals\" \/>\n<meta property=\"article:modified_time\" content=\"2026-04-30T14:37:01+00:00\" \/>\n<meta property=\"og:image\" content=\"https:\/\/spanishprofessionals.es\/wp-content\/uploads\/2016\/02\/homepage-about.jpg\" \/>\n\t<meta property=\"og:image:width\" content=\"726\" \/>\n\t<meta property=\"og:image:height\" content=\"580\" \/>\n<meta name=\"twitter:card\" content=\"summary\" \/>\n<meta name=\"twitter:label1\" content=\"Tiempo de lectura\" \/>\n\t<meta name=\"twitter:data1\" content=\"1 minuto\" \/>\n<script type=\"application\/ld+json\" class=\"yoast-schema-graph\">{\"@context\":\"https:\/\/schema.org\",\"@graph\":[{\"@type\":\"WebSite\",\"@id\":\"https:\/\/spanishprofessionals.es\/#website\",\"url\":\"https:\/\/spanishprofessionals.es\/\",\"name\":\"Spanish Professionals\",\"description\":\"\",\"potentialAction\":[{\"@type\":\"SearchAction\",\"target\":{\"@type\":\"EntryPoint\",\"urlTemplate\":\"https:\/\/spanishprofessionals.es\/?s={search_term_string}\"},\"query-input\":\"required name=search_term_string\"}],\"inLanguage\":\"es\"},{\"@type\":\"ImageObject\",\"@id\":\"https:\/\/spanishprofessionals.es\/es\/empleos-de-ingenieria-civil-en-valencia\/#primaryimage\",\"inLanguage\":\"es\",\"url\":\"https:\/\/spanishprofessionals.es\/wp-content\/uploads\/2016\/02\/homepage-about.jpg\",\"contentUrl\":\"https:\/\/spanishprofessionals.es\/wp-content\/uploads\/2016\/02\/homepage-about.jpg\",\"width\":\"726\",\"height\":\"580\",\"caption\":\"Ofertas de empleo y trabajo en Holanda para espa\\u00f1oles\"},{\"@type\":\"WebPage\",\"@id\":\"https:\/\/spanishprofessionals.es\/es\/empleos-de-ingenieria-civil-en-valencia\/#webpage\",\"url\":\"https:\/\/spanishprofessionals.es\/es\/empleos-de-ingenieria-civil-en-valencia\/\",\"name\":\"Empleos de Ingenier\\u00eda Civil en Valencia - Spanish Professionals\",\"isPartOf\":{\"@id\":\"https:\/\/spanishprofessionals.es\/#website\"},\"primaryImageOfPage\":{\"@id\":\"https:\/\/spanishprofessionals.es\/es\/empleos-de-ingenieria-civil-en-valencia\/#primaryimage\"},\"datePublished\":\"2026-04-30T11:44:18+00:00\",\"dateModified\":\"2026-04-30T14:37:01+00:00\",\"description\":\"Buscamos modeladores con experiencia en Tekla, Revit y AutoCAD, as\\u00ed como ingenieros estructurales, para puestos en Valencia y los Pa\\u00edses Bajos.\",\"breadcrumb\":{\"@id\":\"https:\/\/spanishprofessionals.es\/es\/empleos-de-ingenieria-civil-en-valencia\/#breadcrumb\"},\"inLanguage\":\"es\",\"potentialAction\":[{\"@type\":\"ReadAction\",\"target\":[\"https:\/\/spanishprofessionals.es\/es\/empleos-de-ingenieria-civil-en-valencia\/\"]}]},{\"@type\":\"BreadcrumbList\",\"@id\":\"https:\/\/spanishprofessionals.es\/es\/empleos-de-ingenieria-civil-en-valencia\/#breadcrumb\",\"itemListElement\":[{\"@type\":\"ListItem\",\"position\":1,\"name\":\"Home\",\"item\":\"https:\/\/spanishprofessionals.es\/es\/\"},{\"@type\":\"ListItem\",\"position\":2,\"name\":\"Jornadas de Reclutamiento para Ingenieros Civiles\"}]}]}<\/script>\n<!-- \/ Yoast SEO plugin. -->","yoast_head_json":{"title":"Empleos de Ingenier\u00eda Civil en Valencia - Spanish Professionals","description":"Buscamos modeladores con experiencia en Tekla, Revit y AutoCAD, as\u00ed como ingenieros estructurales, para puestos en Valencia y los Pa\u00edses Bajos.","robots":{"index":"index","follow":"follow","max-snippet":"max-snippet:-1","max-image-preview":"max-image-preview:large","max-video-preview":"max-video-preview:-1"},"canonical":"https:\/\/spanishprofessionals.es\/es\/empleos-de-ingenieria-civil-en-valencia\/","og_locale":"es_ES","og_type":"article","og_title":"Empleos de Ingenier\u00eda Civil en Valencia - Spanish Professionals","og_description":"Buscamos modeladores con experiencia en Tekla, Revit y AutoCAD, as\u00ed como ingenieros estructurales, para puestos en Valencia y los Pa\u00edses Bajos.","og_url":"https:\/\/spanishprofessionals.es\/es\/empleos-de-ingenieria-civil-en-valencia\/","og_site_name":"Spanish Professionals","article_modified_time":"2026-04-30T14:37:01+00:00","og_image":[{"width":"726","height":"580","url":"https:\/\/spanishprofessionals.es\/wp-content\/uploads\/2016\/02\/homepage-about.jpg","path":"\/var\/www\/vhosts\/spanishprofessionals.es\/httpdocs\/wp-content\/uploads\/2016\/02\/homepage-about.jpg","size":"full","id":16784,"alt":"","pixels":421080,"type":"image\/jpeg"}],"twitter_card":"summary","twitter_misc":{"Tiempo de lectura":"1 minuto"},"schema":{"@context":"https:\/\/schema.org","@graph":[{"@type":"WebSite","@id":"https:\/\/spanishprofessionals.es\/#website","url":"https:\/\/spanishprofessionals.es\/","name":"Spanish Professionals","description":"","potentialAction":[{"@type":"SearchAction","target":{"@type":"EntryPoint","urlTemplate":"https:\/\/spanishprofessionals.es\/?s={search_term_string}"},"query-input":"required name=search_term_string"}],"inLanguage":"es"},{"@type":"ImageObject","@id":"https:\/\/spanishprofessionals.es\/es\/empleos-de-ingenieria-civil-en-valencia\/#primaryimage","inLanguage":"es","url":"https:\/\/spanishprofessionals.es\/wp-content\/uploads\/2016\/02\/homepage-about.jpg","contentUrl":"https:\/\/spanishprofessionals.es\/wp-content\/uploads\/2016\/02\/homepage-about.jpg","width":"726","height":"580","caption":"Ofertas de empleo y trabajo en Holanda para espa\u00f1oles"},{"@type":"WebPage","@id":"https:\/\/spanishprofessionals.es\/es\/empleos-de-ingenieria-civil-en-valencia\/#webpage","url":"https:\/\/spanishprofessionals.es\/es\/empleos-de-ingenieria-civil-en-valencia\/","name":"Empleos de Ingenier\u00eda Civil en Valencia - Spanish Professionals","isPartOf":{"@id":"https:\/\/spanishprofessionals.es\/#website"},"primaryImageOfPage":{"@id":"https:\/\/spanishprofessionals.es\/es\/empleos-de-ingenieria-civil-en-valencia\/#primaryimage"},"datePublished":"2026-04-30T11:44:18+00:00","dateModified":"2026-04-30T14:37:01+00:00","description":"Buscamos modeladores con experiencia en Tekla, Revit y AutoCAD, as\u00ed como ingenieros estructurales, para puestos en Valencia y los Pa\u00edses Bajos.","breadcrumb":{"@id":"https:\/\/spanishprofessionals.es\/es\/empleos-de-ingenieria-civil-en-valencia\/#breadcrumb"},"inLanguage":"es","potentialAction":[{"@type":"ReadAction","target":["https:\/\/spanishprofessionals.es\/es\/empleos-de-ingenieria-civil-en-valencia\/"]}]},{"@type":"BreadcrumbList","@id":"https:\/\/spanishprofessionals.es\/es\/empleos-de-ingenieria-civil-en-valencia\/#breadcrumb","itemListElement":[{"@type":"ListItem","position":1,"name":"Home","item":"https:\/\/spanishprofessionals.es\/es\/"},{"@type":"ListItem","position":2,"name":"Jornadas de Reclutamiento para Ingenieros Civiles"}]}]}},"_links":{"self":[{"href":"https:\/\/spanishprofessionals.es\/es\/wp-json\/wp\/v2\/pages\/20187"}],"collection":[{"href":"https:\/\/spanishprofessionals.es\/es\/wp-json\/wp\/v2\/pages"}],"about":[{"href":"https:\/\/spanishprofessionals.es\/es\/wp-json\/wp\/v2\/types\/page"}],"author":[{"embeddable":true,"href":"https:\/\/spanishprofessionals.es\/es\/wp-json\/wp\/v2\/users\/2"}],"replies":[{"embeddable":true,"href":"https:\/\/spanishprofessionals.es\/es\/wp-json\/wp\/v2\/comments?post=20187"}],"version-history":[{"count":2,"href":"https:\/\/spanishprofessionals.es\/es\/wp-json\/wp\/v2\/pages\/20187\/revisions"}],"predecessor-version":[{"id":20189,"href":"https:\/\/spanishprofessionals.es\/es\/wp-json\/wp\/v2\/pages\/20187\/revisions\/20189"}],"wp:featuredmedia":[{"embeddable":true,"href":"https:\/\/spanishprofessionals.es\/es\/wp-json\/wp\/v2\/media\/16784"}],"wp:attachment":[{"href":"https:\/\/spanishprofessionals.es\/es\/wp-json\/wp\/v2\/media?parent=20187"}],"curies":[{"name":"wp","href":"https:\/\/api.w.org\/{rel}","templated":true}]}}